{"id":5154,"date":"2022-04-09T18:46:13","date_gmt":"2022-04-09T16:46:13","guid":{"rendered":"https:\/\/frontex-referendum.ch\/?post_type=tribe_events&#038;p=5154"},"modified":"2022-04-22T08:49:22","modified_gmt":"2022-04-22T06:49:22","slug":"demo-grenzenlose-solidaritaet-und-bewegungsfreiheit-fuer-alle","status":"publish","type":"tribe_events","link":"https:\/\/frontex-referendum.ch\/it\/event\/demo-grenzenlose-solidaritaet-und-bewegungsfreiheit-fuer-alle\/","title":{"rendered":"Demo: Grenzenlose Solidarit\u00e4t und Bewegungsfreiheit f\u00fcr alle!"},"content":{"rendered":"\n<div class=\"wp-block-group af-event-details\"><div class=\"wp-block-group__inner-container is-layout-flow wp-block-group-is-layout-flow\">\n<div class=\"wp-block-group af-event-details__main\"><div class=\"wp-block-group__inner-container is-layout-flow wp-block-group-is-layout-flow\">\n<h2 class=\"has-medium-font-size wp-block-heading\">Nein zu Frontex am 15. Mai<\/h2>\n\n\n\n<p class=\"has-small-font-size\">Nur eine weltweite Minderheit, die zuf\u00e4llig im globalen Norden geboren wurde, hat Zugang zu P\u00e4ssen und Visaberechtigungen f\u00fcr uneingeschr\u00e4nkte Mobilit\u00e4t. Der Rest der Menschheit geniesst keine Bewegungsfreiheit und muss sich, um dasselbe Recht auszu\u00fcben, auf lebengef\u00e4hrliche und sehr teure Reiserouten begeben. Die Einen werden als Tourist:innen und Ex-Pats angesehen, die anderen gelten als gef\u00e4hrliche Migrant:innen oder (unechte) \u00abGefl\u00fcchtete\u00bb. Diese Ungleichheit wurde ab den 1990er durch das Schengen-Abkommen verst\u00e4rkt. Der Schengenraum schafft Bewegungsfreiheit f\u00fcr europ\u00e4ische Menschen im Innern, in dem die Bewegungsfreiheit f\u00fcr Menschen ausserhalb verhindert wird.<\/p>\n\n\n\n<div style=\"height:100px\" aria-hidden=\"true\" class=\"wp-block-spacer af-spacer-s\"><\/div>\n\n\n\n<h2 class=\"has-medium-font-size wp-block-heading\">Ja zur Bewegungsfreiheit f\u00fcr alle<\/h2>\n\n\n\n<p class=\"has-small-font-size\">Bewegungsfreiheit f\u00fcr ale w\u00fcrde erm\u00f6glichen, das Frontex-Budget f\u00fcr Menschen, anstatt f\u00fcr Grenzgewalt zu nutzen. Es w\u00e4re ein Ende des Krieges gegen Migration. Menschen k\u00f6nnten sich mit W\u00fcrde und Respekt dort niederlassen, wo sie es sich w\u00fcnschen. Migration muss nichts Illegales sein \u2013 das ist keine Utopie. Utopisch ist es zu denken, dass sich Migration in einer globalisierten Welt gewaltsam und durch Kriminalisierung verhindern l\u00e4sst.<\/p>\n\n\n\n<div style=\"height:100px\" aria-hidden=\"true\" class=\"wp-block-spacer af-spacer-s\"><\/div>\n\n\n\n<h2 class=\"has-medium-font-size wp-block-heading\">Ja zu grenzenloser Solidarit\u00e4t, Nein zur rassistischen Ungleichbehandlung<\/h2>\n\n\n\n<p class=\"has-small-font-size\">Der russische Angriffskrieg gegen die Ukraine zeigt klar: Weder Frontex noch andere Armeen sollen entfesselte Milliarden erhalten. Wir brauchen offene und sichere Migrationsrouten. An der Grenze zur Ukraine betreiben Frontex und lokale Grenzpolizist:innen Racial Profiling. Ukrainische Fl\u00fcchtende empfangen sie solidarisch, w\u00e4hrend sie Menschen aus anderen L\u00e4ndern blockieren. Es braucht Solidarit\u00e4t mit allen. Wir begr\u00fcssen, dass es an humanit\u00e4rer Hilfe an den Grenzen zur Ukraine nicht zu fehlen scheint und kritisieren, dass Europa \u00e4hnliche Unterst\u00fctzung im Mittelmeer, in der \u00c4g\u00e4is oder auf der Balkanroute zur\u00fcckh\u00e4lt. Wir begr\u00fcssen, dass das Dublin-System f\u00fcr ukrainische Fl\u00fcchtende ausgesetzt wurde und das kostenlose Weiterreise in einen europdischen Zielstaat der eigenen Wahl m\u00f6glich ist. Diese Bewegungs- und Niederlassungsfreiheit brauchen alle Gefl\u00fcchteten! Wir verurteilen die rassistische Ungleichbehandlung der schweizer Beh\u00f6rden, die nicht-ukrainische Gefl\u00fcchtete im Vergleich zu Ukrainer:innen mit Status S hinsichtlich Asylverfahren, Familiennachzug, Bewegungsfreiheit und im Zugang zu Wohnen, Arbeit, Gesundheit, Bildung stark diskriminieren.<\/p>\n\n\n\n<div style=\"height:100px\" aria-hidden=\"true\" class=\"wp-block-spacer af-spacer-s\"><\/div>\n\n\n\n<p>All dies beschleunigt die Gewaltspirale. Grenzen, Rassismus und Wettr\u00fcsten f\u00f6rdern Misstrauen, Konkurrenz, Spannungen, Konflikte und weitere Kriege. Wir brauchen Bewegungsfreiheit f\u00fcr alle statt Abschottung, eine Gesellschaft der Solidarit\u00e4t statt Militarisierung, Rettungsboote statt Frontex. <\/p>\n\n\n\n<p>NEIN zu Frontex &#8211; auch am 23. April an der Demo in Bern.<\/p>\n\n\n\n<div style=\"height:100px\" aria-hidden=\"true\" class=\"wp-block-spacer af-spacer-s\"><\/div>\n\n\n\n<h2 class=\"has-medium-font-size wp-block-heading\">Mobillisierungsmaterial<\/h2>\n\n\n\n<div class=\"wp-block-group af-box-m af-box-m--fill-dark af-event-details--demo__main__flyer\"><div class=\"wp-block-group__inner-container is-layout-flow wp-block-group-is-layout-flow\">\n<figure class=\"wp-block-image size-large is-resized\"><img loading=\"lazy\" decoding=\"async\" src=\"https:\/\/frontex-referendum.ch\/wp-content\/uploads\/2022\/04\/Flyer_Vorderseite-722x1024.jpeg\" alt=\"Flyer\" class=\"wp-image-5188\" width=\"181\" height=\"256\" srcset=\"https:\/\/frontex-referendum.ch\/wp-content\/uploads\/2022\/04\/Flyer_Vorderseite-722x1024.jpeg 722w, https:\/\/frontex-referendum.ch\/wp-content\/uploads\/2022\/04\/Flyer_Vorderseite-211x300.jpeg 211w, https:\/\/frontex-referendum.ch\/wp-content\/uploads\/2022\/04\/Flyer_Vorderseite-768x1090.jpeg 768w, https:\/\/frontex-referendum.ch\/wp-content\/uploads\/2022\/04\/Flyer_Vorderseite.jpeg 874w\" sizes=\"auto, (max-width: 181px) 100vw, 181px\" \/><\/figure>\n\n\n\n<div class=\"wp-block-group\"><div class=\"wp-block-group__inner-container is-layout-flow wp-block-group-is-layout-flow\">\n<p class=\"af-btn-icon--download-white af-btn-icon has-small-font-size\"><a rel=\"noreferrer noopener\" href=\"https:\/\/frontex-referendum.ch\/wp-content\/uploads\/2022\/04\/A5-Demo-Flyer-23.04-Ar.pdf\" target=\"_blank\">Flyer Arabisch (PDF)<\/a><\/p>\n\n\n\n<p class=\"af-btn-icon--download-white af-btn-icon has-small-font-size\"><a href=\"https:\/\/frontex-referendum.ch\/wp-content\/uploads\/2022\/04\/A5-Demo-Flyer-23.04-DE.pdf\" target=\"_blank\" rel=\"noreferrer noopener\">Flyer Deutsch (PDF)<\/a><\/p>\n\n\n\n<p class=\"af-btn-icon--download-white af-btn-icon has-small-font-size\"><a href=\"https:\/\/frontex-referendum.ch\/wp-content\/uploads\/2022\/04\/A5-Demo-Flyer-23.04-En.pdf\" target=\"_blank\" rel=\"noreferrer noopener\">Flyer Englisch (PDF)<\/a> <\/p>\n\n\n\n<p class=\"af-btn-icon--download-white af-btn-icon has-small-font-size\"><a href=\"https:\/\/frontex-referendum.ch\/wp-content\/uploads\/2022\/04\/A5-Demo-Flyer-23.04-Fa.pdf\" target=\"_blank\" rel=\"noreferrer noopener\">Flyer Farsi (PDF)<\/a><\/p>\n\n\n\n<p class=\"af-btn-icon--download-white af-btn-icon has-small-font-size\"><a href=\"https:\/\/frontex-referendum.ch\/wp-content\/uploads\/2022\/04\/A5-Demo-Flyer-23.04-Fr.pdf\" target=\"_blank\" rel=\"noreferrer noopener\">Flyer Franz\u00f6sisch (PDF)<\/a><\/p>\n<\/div><\/div>\n<\/div><\/div>\n\n\n\n<p class=\"af-box-m--link af-box-m--fill-dark af-btn-icon--download-white af-btn-icon\"><a href=\"https:\/\/frontex-referendum.ch\/wp-content\/uploads\/2022\/04\/NoFrontex_Demo_Mobimaterial.zip\" target=\"_blank\" rel=\"noreferrer noopener\">Mobilisierungsmaterial-Paket<\/a><\/p>\n<\/div><\/div>\n\n\n\n<div class=\"wp-block-group af-event-details__meta\"><div class=\"wp-block-group__inner-container is-layout-flow wp-block-group-is-layout-flow\">\n<div class=\"wp-block-group af-event-details__meta__organizer-venue\"><div class=\"wp-block-group__inner-container is-layout-flow wp-block-group-is-layout-flow\">\n<div class=\"wp-block-group af-event-details__meta__datetime\"><div class=\"wp-block-group__inner-container is-layout-flow wp-block-group-is-layout-flow\">\n<h2 class=\"wp-block-heading\">Zeit: <\/h2>\n\n\n<div  class=\"tribe-events-schedule tribe-clearfix\" >\n\t<h2 class=\"tribe-events-schedule__datetime\">\n\t\t<span class=\"tribe-events-schedule__date tribe-events-schedule__date--start\">\n\t\t\t23. Aprile 2022\t\t<\/span>\n\n\t\t\t\t\t<span class=\"tribe-events-schedule__separator tribe-events-schedule__separator--date\">\n\t\t\t\t , \t\t\t<\/span>\n\t\t\t<span class=\"tribe-events-schedule__time tribe-events-schedule__time--start\">\n\t\t\t\t14:00\t\t\t<\/span>\n\t\t\n\t\t\t\t\t\t\t\t\t<span class=\"tribe-events-schedule__separator tribe-events-schedule__separator--time\">\n\t\t\t\t\t &#8211; \t\t\t\t<\/span>\n\t\t\t\n\t\t\t\t\t\t\t<span class=\"tribe-events-schedule__time tribe-events-schedule__time--end\">\n\t\t\t\t\t17:00\t\t\t\t<\/span>\n\t\t\t\n\t\t\t\t\t\t<\/h2>\n<\/div>\n<\/div><\/div>\n\n\n\n<div class=\"wp-block-group af-event-details__meta__venue\"><div class=\"wp-block-group__inner-container is-layout-flow wp-block-group-is-layout-flow\">\n<h2 class=\"wp-block-heading\">Ort: <\/h2>\n\n\n\n<p>Bern<\/p>\n\n\n\n<p>Besammlung auf der Sch\u00fctzenmatte, danach Marsch zum Bundesplatz<\/p>\n<\/div><\/div>\n\n\n\n<div class=\"wp-block-group af-event-details__meta__travel\"><div class=\"wp-block-group__inner-container is-layout-flow wp-block-group-is-layout-flow\">\n<h2 class=\"wp-block-heading\">Anreise<\/h2>\n\n\n\n<h3 class=\"wp-block-heading\">BASEL<\/h3>\n\n\n\n<p>Treffpunkt: 11 Uhr (Treffpunkt wird noch bekannt gegeben)<\/p>\n\n\n\n<h3 class=\"wp-block-heading\">FRIBOURG<\/h3>\n\n\n\n<p>Rendez-vous : 13h15 \u00e0 la gare de Fribourg. <br>D\u00e9pard du train : 13h34.<\/p>\n\n\n\n<h3 class=\"wp-block-heading\">GEN\u00c8VE<\/h3>\n\n\n\n<p>Rendez-vous : 11h30 devant le Burger King de la Gare Cornavin.<\/p>\n\n\n\n<h3 class=\"wp-block-heading\">LAUSANNE<\/h3>\n\n\n\n<p>Rendez-vous : 12h44 sur le quai 1 vers tibits<br>Contact : Droit de rester Lausanne<\/p>\n\n\n\n<h3 class=\"wp-block-heading\">LUZERN<\/h3>\n\n\n\n<p>Treffpunkt: 11:45 Uhr Inseli Luzern.<br>\u2192 <a rel=\"noreferrer noopener\" href=\"https:\/\/solinetzluzern.ch\/demo-bus\" target=\"_blank\">Anmeldung<\/a><\/p>\n\n\n\n<h3 class=\"wp-block-heading\">NEUCH\u00c2TEL<\/h3>\n\n\n\n<p>Rendez-vous : 12h45 dans le hall de la gare de Neuch\u00e2tel<br>D\u00e9pard du train : 13h01<\/p>\n\n\n\n<h3 class=\"wp-block-heading\">Z\u00dcRICH<\/h3>\n\n\n\n<p>Bus Abfahrt: 11:30 von Carparkplatz beim Hauptbahnhof<br>Anmelden mit Name und Anzahl Personen<br>\u2192 <a href=\"mailto:nofrontexcar@protonmail.com\">nofrontexcar@protonmail.com<\/a><\/p>\n<\/div><\/div>\n\n\n\n<div class=\"wp-block-group af-event-details__meta__organizer\"><div class=\"wp-block-group__inner-container is-layout-flow wp-block-group-is-layout-flow\">\n<h2 class=\"wp-block-heading\">Veranstalted durch: <\/h2>\n\n\n\n<p>NoFrontex Referendum<\/p>\n<\/div><\/div>\n<\/div><\/div>\n\n\n\n<div class=\"wp-block-group af-event-add-to-calendar\"><div class=\"wp-block-group__inner-container is-layout-flow wp-block-group-is-layout-flow\">\n<h2 class=\"wp-block-heading\">Zu Kalender hinzuf\u00fcgen:<\/h2>\n\n\n\t<div  class=\"tribe-block tribe-block__events-link\" >\n\t\t<div class=\"tribe-events tribe-common\">\n\t\t\t<div class=\"tribe-events-c-subscribe-dropdown__container\">\n\t\t\t\t<div class=\"tribe-events-c-subscribe-dropdown\">\n\t\t\t\t\t<div class=\"tribe-common-c-btn-border tribe-events-c-subscribe-dropdown__button\">\n\t\t\t\t\t\t<svg  class=\"tribe-common-c-svgicon tribe-common-c-svgicon--cal-export tribe-events-c-subscribe-dropdown__export-icon\"  viewBox=\"0 0 23 17\" xmlns=\"http:\/\/www.w3.org\/2000\/svg\">\n  <path fill-rule=\"evenodd\" clip-rule=\"evenodd\" d=\"M.128.896V16.13c0 .211.145.383.323.383h15.354c.179 0 .323-.172.323-.383V.896c0-.212-.144-.383-.323-.383H.451C.273.513.128.684.128.896Zm16 6.742h-.901V4.679H1.009v10.729h14.218v-3.336h.901V7.638ZM1.01 1.614h14.218v2.058H1.009V1.614Z\" \/>\n  <path d=\"M20.5 9.846H8.312M18.524 6.953l2.89 2.909-2.855 2.855\" stroke-width=\"1.2\" stroke-linecap=\"round\" stroke-linejoin=\"round\"\/>\n<\/svg>\n\t\t\t\t\t\t<button\n\t\t\t\t\t\t\tclass=\"tribe-events-c-subscribe-dropdown__button-text\"\n\t\t\t\t\t\t\taria-expanded=\"false\"\n\t\t\t\t\t\t\taria-controls=\"tribe-events-subscribe-dropdown-content\"\n\t\t\t\t\t\t\taria-label=\"\"\n\t\t\t\t\t\t>\n\t\t\t\t\t\t\tSalva nel tuo calendario\t\t\t\t\t\t<\/button>\n\t\t\t\t\t\t<svg  class=\"tribe-common-c-svgicon tribe-common-c-svgicon--caret-down tribe-events-c-subscribe-dropdown__button-icon\"  viewBox=\"0 0 10 7\" xmlns=\"http:\/\/www.w3.org\/2000\/svg\"><path fill-rule=\"evenodd\" clip-rule=\"evenodd\" d=\"M1.008.609L5 4.6 8.992.61l.958.958L5 6.517.05 1.566l.958-.958z\" class=\"tribe-common-c-svgicon__svg-fill\"\/><\/svg>\n\t\t\t\t\t<\/div>\n\t\t\t\t\t<div id=\"tribe-events-subscribe-dropdown-content\" class=\"tribe-events-c-subscribe-dropdown__content\">\n\t\t\t\t\t\t<ul class=\"tribe-events-c-subscribe-dropdown__list\">\n\t\t\t\t\t\t\t\t\t\t\t\t\t\t\t<li class=\"tribe-events-c-subscribe-dropdown__list-item\">\n\t\t\t\t\t\t\t\t\t<a\n\t\t\t\t\t\t\t\t\t\thref=\"https:\/\/www.google.com\/calendar\/event?action=TEMPLATE&#038;dates=20220423T140000\/20220423T170000&#038;text=Demo%3A%20Grenzenlose%20Solidarit%C3%A4t%20und%20Bewegungsfreiheit%20f%C3%BCr%20alle%21&#038;details=%3C%21--+wp%3Agroup+%7B%22className%22%3A%22af-event-details%22%7D+--%3E%3Cdiv+class%3D%22wp-block-group+af-event-details%22%3E%3C%21--+wp%3Agroup+%7B%22className%22%3A%22af-event-details__main%22%7D+--%3E%3Cdiv+class%3D%22wp-block-group+af-event-details__main%22%3E%3C%21--+wp%3Aheading+%7B%22fontSize%22%3A%22medium%22%7D+--%3E%3Ch2+class%3D%22has-medium-font-size%22%3ENein+zu+Frontex+am+15.+Mai%3C%2Fh2%3E%3C%21--+%2Fwp%3Aheading+--%3E%3C%21--+wp%3Aparagraph+%7B%22fontSize%22%3A%22small%22%7D+--%3E%3Cp+class%3D%22has-small-font-size%22%3ENur+eine+weltweite+Minderheit%2C+die+zuf%C3%A4llig+im+globalen+Norden+geboren+wurde%2C+hat+Zugang+zu+P%C3%A4ssen+und+Visaberechtigungen+f%C3%BCr+uneingeschr%C3%A4nkte+Mobilit%C3%A4t.+Der+Rest+der+Menschheit+geniesst+keine+Bewegungsfreiheit+und+muss+sich%2C+um+dasselbe+Recht+auszu%C3%BCben%2C+auf+lebengef%C3%A4hrliche+und+sehr+teure+Reiserouten+begeben.+Die+Einen+werden+als+Tourist%3Ainnen+und+Ex-Pats+angesehen%2C+die+anderen+ge%20(View%20Full%20evento%20Description%20Here:%20https:\/\/frontex-referendum.ch\/it\/event\/demo-grenzenlose-solidaritaet-und-bewegungsfreiheit-fuer-alle\/)&#038;location=Sch\u00fctzenmatte%20Bern,%20Bollwerk%2041,%20Bern,%203011,%20Schweiz&#038;trp=false&#038;ctz=Europe\/Zurich&#038;sprop=website:https:\/\/frontex-referendum.ch\/it\/\"\n\t\t\t\t\t\t\t\t\t\tclass=\"tribe-events-c-subscribe-dropdown__list-item-link\"\n\t\t\t\t\t\t\t\t\t\ttarget=\"_blank\"\n\t\t\t\t\t\t\t\t\t\trel=\"noopener noreferrer nofollow noindex\"\n\t\t\t\t\t\t\t\t\t>\n\t\t\t\t\t\t\t\t\t\tGoogle Calendar\t\t\t\t\t\t\t\t\t<\/a>\n\t\t\t\t\t\t\t\t<\/li>\n\t\t\t\t\t\t\t\t\t\t\t\t\t\t\t<li class=\"tribe-events-c-subscribe-dropdown__list-item\">\n\t\t\t\t\t\t\t\t\t<a\n\t\t\t\t\t\t\t\t\t\thref=\"\"\n\t\t\t\t\t\t\t\t\t\tclass=\"tribe-events-c-subscribe-dropdown__list-item-link\"\n\t\t\t\t\t\t\t\t\t\ttarget=\"_blank\"\n\t\t\t\t\t\t\t\t\t\trel=\"noopener noreferrer nofollow noindex\"\n\t\t\t\t\t\t\t\t\t>\n\t\t\t\t\t\t\t\t\t\tiCalendar\t\t\t\t\t\t\t\t\t<\/a>\n\t\t\t\t\t\t\t\t<\/li>\n\t\t\t\t\t\t\t\t\t\t\t\t\t\t\t<li class=\"tribe-events-c-subscribe-dropdown__list-item\">\n\t\t\t\t\t\t\t\t\t<a\n\t\t\t\t\t\t\t\t\t\thref=\"\"\n\t\t\t\t\t\t\t\t\t\tclass=\"tribe-events-c-subscribe-dropdown__list-item-link\"\n\t\t\t\t\t\t\t\t\t\ttarget=\"_blank\"\n\t\t\t\t\t\t\t\t\t\trel=\"noopener noreferrer nofollow noindex\"\n\t\t\t\t\t\t\t\t\t>\n\t\t\t\t\t\t\t\t\t\tOutlook 365\t\t\t\t\t\t\t\t\t<\/a>\n\t\t\t\t\t\t\t\t<\/li>\n\t\t\t\t\t\t\t\t\t\t\t\t\t\t\t<li class=\"tribe-events-c-subscribe-dropdown__list-item\">\n\t\t\t\t\t\t\t\t\t<a\n\t\t\t\t\t\t\t\t\t\thref=\"\"\n\t\t\t\t\t\t\t\t\t\tclass=\"tribe-events-c-subscribe-dropdown__list-item-link\"\n\t\t\t\t\t\t\t\t\t\ttarget=\"_blank\"\n\t\t\t\t\t\t\t\t\t\trel=\"noopener noreferrer nofollow noindex\"\n\t\t\t\t\t\t\t\t\t>\n\t\t\t\t\t\t\t\t\t\tOutlook Live\t\t\t\t\t\t\t\t\t<\/a>\n\t\t\t\t\t\t\t\t<\/li>\n\t\t\t\t\t\t\t\t\t\t\t\t\t<\/ul>\n\t\t\t\t\t<\/div>\n\t\t\t\t<\/div>\n\t\t\t<\/div>\n\t\t<\/div>\n\t<\/div>\n\n<\/div><\/div>\n<\/div><\/div>\n<\/div><\/div>\n\n\n<div  class=\"tribe-block tribe-block__organizer__details tribe-clearfix\" >\n\t<div class=\"tribe-block__organizer__title\">\n\t\t<h3>NoFrontex Referendum<\/h3>\n\t<\/div>\n\t\t\t\t<p class=\"tribe-block__organizer__website\"><a href=\"http:\/\/frontex-referendum.ch\" target=\"_self\" rel=\"external\">Visualizza il sito dell&#039;Organizzatore<\/a><\/p>\n\t\t\t\t<p class=\"tribe-block__organizer__email\">&#102;ro&#110;te&#120;&#045;refere&#110;dum&#064;&#105;mm&#101;rd&#097;.c&#104;<\/p>\n\t<\/div>\n\n\n<div  class=\"tribe-block tribe-block__venue tribe-clearfix\" >\n\t\n\t\n<div class=\"tribe-block__venue__meta\">\n\t<div class=\"tribe-block__venue__name\">\n\t\t<h3>Sch\u00fctzenmatte Bern<\/h3>\n\t<\/div>\n\n\t\n\t\t\t<address class=\"tribe-block__venue__address\">\n\t\t\t<span class=\"tribe-address\">\n\n<span class=\"tribe-street-address\">Bollwerk 41<\/span>\n\t\n\n\t<abbr class=\"tribe-region tribe-events-abbr\" title=\"Bern\">Bern<\/abbr>\n\n\t<span class=\"tribe-postal-code\">3011<\/span>\n\n\t<span class=\"tribe-country-name\">Schweiz<\/span>\n\n<\/span>\n\n\t\t\t\t\t<\/address>\n\t\n\t\n\t\n\t<\/div>\n\t\n\t<\/div>\n\n\n","protected":false},"excerpt":{"rendered":"<p>Nein zu Frontex am 15. Mai, Ja zur Bewegungsfreiheit f\u00fcr alle, Ja zu grenzenloser Solidarit\u00e4t, Nein zur rassistischen Ungleichbehandlung<\/p>\n","protected":false},"author":4,"featured_media":0,"comment_status":"closed","ping_status":"closed","template":"","meta":{"inline_featured_image":false,"neve_meta_sidebar":"","neve_meta_container":"","neve_meta_enable_content_width":"","neve_meta_content_width":0,"neve_meta_title_alignment":"","neve_meta_author_avatar":"","neve_post_elements_order":"","neve_meta_disable_header":"","neve_meta_disable_footer":"","neve_meta_disable_title":"","neve_meta_reading_time":"","_EventAllDay":false,"_EventTimezone":"Europe\/Zurich","_EventStartDate":"2022-04-23 14:00:00","_EventEndDate":"2022-04-23 17:00:00","_EventStartDateUTC":"2022-04-23 12:00:00","_EventEndDateUTC":"2022-04-23 15:00:00","_EventShowMap":false,"_EventShowMapLink":false,"_EventURL":"","_EventCost":"","_EventCostDescription":"","_EventCurrencySymbol":"CHF","_EventCurrencyCode":"USD","_EventCurrencyPosition":"prefix","_EventDateTimeSeparator":" , ","_EventTimeRangeSeparator":" - ","_EventOrganizerID":[5202],"_EventVenueID":[5204],"_OrganizerEmail":"","_OrganizerPhone":"","_OrganizerWebsite":"","_VenueAddress":"","_VenueCity":"","_VenueCountry":"","_VenueProvince":"","_VenueState":"","_VenueZip":"","_VenuePhone":"","_VenueURL":"","_VenueStateProvince":"","_VenueLat":"","_VenueLng":"","_VenueShowMap":false,"_VenueShowMapLink":false,"_tribe_events_status":"","_tribe_events_status_reason":"","footnotes":""},"tags":[49],"tribe_events_cat":[47],"class_list":["post-5154","tribe_events","type-tribe_events","status-publish","hentry","tag-bern","tribe_events_cat-aktion","cat_aktion"],"jetpack_sharing_enabled":true,"_links":{"self":[{"href":"https:\/\/frontex-referendum.ch\/it\/wp-json\/wp\/v2\/tribe_events\/5154","targetHints":{"allow":["GET"]}}],"collection":[{"href":"https:\/\/frontex-referendum.ch\/it\/wp-json\/wp\/v2\/tribe_events"}],"about":[{"href":"https:\/\/frontex-referendum.ch\/it\/wp-json\/wp\/v2\/types\/tribe_events"}],"author":[{"embeddable":true,"href":"https:\/\/frontex-referendum.ch\/it\/wp-json\/wp\/v2\/users\/4"}],"replies":[{"embeddable":true,"href":"https:\/\/frontex-referendum.ch\/it\/wp-json\/wp\/v2\/comments?post=5154"}],"version-history":[{"count":25,"href":"https:\/\/frontex-referendum.ch\/it\/wp-json\/wp\/v2\/tribe_events\/5154\/revisions"}],"predecessor-version":[{"id":5883,"href":"https:\/\/frontex-referendum.ch\/it\/wp-json\/wp\/v2\/tribe_events\/5154\/revisions\/5883"}],"wp:attachment":[{"href":"https:\/\/frontex-referendum.ch\/it\/wp-json\/wp\/v2\/media?parent=5154"}],"wp:term":[{"taxonomy":"post_tag","embeddable":true,"href":"https:\/\/frontex-referendum.ch\/it\/wp-json\/wp\/v2\/tags?post=5154"},{"taxonomy":"tribe_events_cat","embeddable":true,"href":"https:\/\/frontex-referendum.ch\/it\/wp-json\/wp\/v2\/tribe_events_cat?post=5154"}],"curies":[{"name":"wp","href":"https:\/\/api.w.org\/{rel}","templated":true}]}}