{"id":5261,"date":"2022-04-10T18:16:39","date_gmt":"2022-04-10T16:16:39","guid":{"rendered":"https:\/\/frontex-referendum.ch\/?post_type=tribe_events&#038;p=5261"},"modified":"2022-04-10T18:20:20","modified_gmt":"2022-04-10T16:20:20","slug":"aktionstag-und-soli-bar-zu-nofrontex","status":"publish","type":"tribe_events","link":"https:\/\/frontex-referendum.ch\/fr\/event\/aktionstag-und-soli-bar-zu-nofrontex\/","title":{"rendered":"Aktionstag zu NoFrontex"},"content":{"rendered":"\n<div class=\"wp-block-group af-event-details\"><div class=\"wp-block-group__inner-container is-layout-flow wp-block-group-is-layout-flow\">\n<div class=\"wp-block-group af-event-details__main\"><div class=\"wp-block-group__inner-container is-layout-flow wp-block-group-is-layout-flow\">\n<p>Ganzer Tag ist Aktionstag! Ab 14:00: Infostand &amp; Solibar beim Park Platz<\/p>\n\n\n\n<p class=\"has-small-font-size\">An den Aussengrenzen Europas werden Fl\u00fcchtende und Migrierende werden, gepr\u00fcgelt und abgeschoben. Als europ\u00e4ische Grenz- und K\u00fcstenwache ist Frontex mitverantwortlich. Frontex ist intransparent. Frontex schaut weg. Frontex beteiligt sich an Menschenrechtsverletzungen. Trotzdem wird Frontex europaweit massiv ausgebaut.<\/p>\n\n\n\n<p class=\"has-small-font-size\">Am 15. Mai wird abgestimmt, ob sich die Schweiz an diesem Ausbau von Frontex beteiligt. Wir sagen JA zur Bewegungsfreiheit f\u00fcr alle und stimmen somit NEIN zu Geld f\u00fcr die Frontex.<\/p>\n\n\n\n<p class=\"has-small-font-size\">Wie kannst DU dich am Aktionstag beteiligen?<\/p>\n\n\n\n<ul class=\"has-small-font-size wp-block-list\"><li>Komm ab 14:00 zum Park Platz. Es gibt einen Infostand &amp; eine Soli-Bar.<\/li><li>Es k\u00f6nnen Flyer und Plakate abgeholt werden um dann in ganz Z\u00fcrich flyern zu gehen!<\/li><li>Macht Aktionen! H\u00e4ngt Transparente, seid kreativ. Teilt die Aktionen auf Social Media und markiert @frontex_referendum<\/li><\/ul>\n\n\n\n<p class=\"af-btn-icon af-btn-icon--arrow-heavy-white af-event-details__main__event-link\"><a href=\"https:\/\/park-platz.org\/agenda\/no-frontex-aktionstag\" target=\"_blank\" rel=\"noreferrer noopener\">Event-Website<\/a><\/p>\n<\/div><\/div>\n\n\n\n<div class=\"wp-block-group af-event-details__meta\"><div class=\"wp-block-group__inner-container is-layout-flow wp-block-group-is-layout-flow\">\n<div class=\"wp-block-group af-event-details__meta__organizer-venue\"><div class=\"wp-block-group__inner-container is-layout-flow wp-block-group-is-layout-flow\">\n<div class=\"wp-block-group af-event-details__meta__datetime\"><div class=\"wp-block-group__inner-container is-layout-flow wp-block-group-is-layout-flow\">\n<h2 class=\"wp-block-heading\">Zeit: <\/h2>\n\n\n<div  class=\"tribe-events-schedule tribe-clearfix\" >\n\t<h2 class=\"tribe-events-schedule__datetime\">\n\t\t<span class=\"tribe-events-schedule__date tribe-events-schedule__date--start\">\n\t\t\t15. avril 2022\t\t<\/span>\n\n\t\t\t\t\t<span class=\"tribe-events-schedule__separator tribe-events-schedule__separator--date\">\n\t\t\t\t , \t\t\t<\/span>\n\t\t\t<span class=\"tribe-events-schedule__time tribe-events-schedule__time--start\">\n\t\t\t\t14:00\t\t\t<\/span>\n\t\t\n\t\t\t<\/h2>\n<\/div>\n<\/div><\/div>\n\n\n\n<div class=\"wp-block-group af-event-details__meta__venue\"><div class=\"wp-block-group__inner-container is-layout-flow wp-block-group-is-layout-flow\">\n<h2 class=\"wp-block-heading\">Ort: <\/h2>\n\n\n\n<p>Park Platz<br>Wasserwerkstrasse 101<br>8037 Z\u00fcrich<\/p>\n\n\n\n<p class=\"af-btn-icon af-btn-icon--arrow-heavy-white\"><a href=\"https:\/\/maps.google.com\/maps?f=q&amp;source=s_q&amp;geocode=&amp;q=Wasserwerkstrasse%20101%2C%20Z%C3%BCrich%2C%208037%2C%20Schweiz\" target=\"_blank\" rel=\"noreferrer noopener\">Google Maps<\/a><\/p>\n<\/div><\/div>\n\n\n\n<div class=\"wp-block-group af-event-details__meta__organizer\"><div class=\"wp-block-group__inner-container is-layout-flow wp-block-group-is-layout-flow\">\n<h2 class=\"wp-block-heading\">Veranstalted durch: <\/h2>\n\n\n\n<p><a href=\"https:\/\/park-platz.org\" target=\"_blank\" rel=\"noreferrer noopener\">Park Platz<\/a><\/p>\n<\/div><\/div>\n<\/div><\/div>\n\n\n\n<div class=\"wp-block-group af-event-add-to-calendar\"><div class=\"wp-block-group__inner-container is-layout-flow wp-block-group-is-layout-flow\">\n<h2 class=\"wp-block-heading\">Zu Kalender hinzuf\u00fcgen:<\/h2>\n\n\n\t<div  class=\"tribe-block tribe-block__events-link\" >\n\t\t<div class=\"tribe-events tribe-common\">\n\t\t\t<div class=\"tribe-events-c-subscribe-dropdown__container\">\n\t\t\t\t<div class=\"tribe-events-c-subscribe-dropdown\">\n\t\t\t\t\t<div class=\"tribe-common-c-btn-border tribe-events-c-subscribe-dropdown__button\">\n\t\t\t\t\t\t<svg  class=\"tribe-common-c-svgicon tribe-common-c-svgicon--cal-export tribe-events-c-subscribe-dropdown__export-icon\"  viewBox=\"0 0 23 17\" xmlns=\"http:\/\/www.w3.org\/2000\/svg\">\n  <path fill-rule=\"evenodd\" clip-rule=\"evenodd\" d=\"M.128.896V16.13c0 .211.145.383.323.383h15.354c.179 0 .323-.172.323-.383V.896c0-.212-.144-.383-.323-.383H.451C.273.513.128.684.128.896Zm16 6.742h-.901V4.679H1.009v10.729h14.218v-3.336h.901V7.638ZM1.01 1.614h14.218v2.058H1.009V1.614Z\" \/>\n  <path d=\"M20.5 9.846H8.312M18.524 6.953l2.89 2.909-2.855 2.855\" stroke-width=\"1.2\" stroke-linecap=\"round\" stroke-linejoin=\"round\"\/>\n<\/svg>\n\t\t\t\t\t\t<button\n\t\t\t\t\t\t\tclass=\"tribe-events-c-subscribe-dropdown__button-text\"\n\t\t\t\t\t\t\taria-expanded=\"false\"\n\t\t\t\t\t\t\taria-controls=\"tribe-events-subscribe-dropdown-content\"\n\t\t\t\t\t\t\taria-label=\"\"\n\t\t\t\t\t\t>\n\t\t\t\t\t\t\tAjouter au calendrier\t\t\t\t\t\t<\/button>\n\t\t\t\t\t\t<svg  class=\"tribe-common-c-svgicon tribe-common-c-svgicon--caret-down tribe-events-c-subscribe-dropdown__button-icon\"  viewBox=\"0 0 10 7\" xmlns=\"http:\/\/www.w3.org\/2000\/svg\"><path fill-rule=\"evenodd\" clip-rule=\"evenodd\" d=\"M1.008.609L5 4.6 8.992.61l.958.958L5 6.517.05 1.566l.958-.958z\" class=\"tribe-common-c-svgicon__svg-fill\"\/><\/svg>\n\t\t\t\t\t<\/div>\n\t\t\t\t\t<div id=\"tribe-events-subscribe-dropdown-content\" class=\"tribe-events-c-subscribe-dropdown__content\">\n\t\t\t\t\t\t<ul class=\"tribe-events-c-subscribe-dropdown__list\">\n\t\t\t\t\t\t\t\t\t\t\t\t\t\t\t<li class=\"tribe-events-c-subscribe-dropdown__list-item\">\n\t\t\t\t\t\t\t\t\t<a\n\t\t\t\t\t\t\t\t\t\thref=\"https:\/\/www.google.com\/calendar\/event?action=TEMPLATE&#038;dates=20220415T140000\/20220415T140000&#038;text=Aktionstag%20zu%20NoFrontex&#038;details=%3C%21--+wp%3Agroup+%7B%22className%22%3A%22af-event-details%22%7D+--%3E%3Cdiv+class%3D%22wp-block-group+af-event-details%22%3E%3C%21--+wp%3Agroup+%7B%22className%22%3A%22af-event-details__main%22%7D+--%3E%3Cdiv+class%3D%22wp-block-group+af-event-details__main%22%3E%3C%21--+wp%3Aparagraph+--%3E%3Cp%3EGanzer+Tag+ist+Aktionstag%21+Ab+14%3A00%3A+Infostand+%26amp%3B+Solibar+beim+Park+Platz%3C%2Fp%3E%3C%21--+%2Fwp%3Aparagraph+--%3E%3C%21--+wp%3Aparagraph+%7B%22fontSize%22%3A%22small%22%7D+--%3E%3Cp+class%3D%22has-small-font-size%22%3EAn+den+Aussengrenzen+Europas+werden+Fl%C3%BCchtende+und+Migrierende+werden%2C+gepr%C3%BCgelt+und+abgeschoben.+Als+europ%C3%A4ische+Grenz-+und+K%C3%BCstenwache+ist+Frontex+mitverantwortlich.+Frontex+ist+intransparent.+Frontex+schaut+weg.+Frontex+beteiligt+sich+an+Menschenrechtsverletzungen.+Trotzdem+wird+Frontex+europaweit+massiv+ausgebaut.%3C%2Fp%3E%3C%21--+%2Fwp%3Aparagraph+--%3E%3C%21--+wp%3Aparagraph+%7B%22fontSize%22%3A%22s(Voir%20toute%20la%20description%20de%20\u00e9v\u00e8nement%20ici\u00a0:%20https:\/\/frontex-referendum.ch\/fr\/event\/aktionstag-und-soli-bar-zu-nofrontex\/)&#038;location=Park%20Platz,%20Wasserwerkstrasse%20101,%20Z\u00fcrich,%208037,%20Schweiz&#038;trp=false&#038;ctz=Europe\/Zurich&#038;sprop=website:https:\/\/frontex-referendum.ch\/fr\/\"\n\t\t\t\t\t\t\t\t\t\tclass=\"tribe-events-c-subscribe-dropdown__list-item-link\"\n\t\t\t\t\t\t\t\t\t\ttarget=\"_blank\"\n\t\t\t\t\t\t\t\t\t\trel=\"noopener noreferrer nofollow noindex\"\n\t\t\t\t\t\t\t\t\t>\n\t\t\t\t\t\t\t\t\t\tGoogle Agenda\t\t\t\t\t\t\t\t\t<\/a>\n\t\t\t\t\t\t\t\t<\/li>\n\t\t\t\t\t\t\t\t\t\t\t\t\t\t\t<li class=\"tribe-events-c-subscribe-dropdown__list-item\">\n\t\t\t\t\t\t\t\t\t<a\n\t\t\t\t\t\t\t\t\t\thref=\"\"\n\t\t\t\t\t\t\t\t\t\tclass=\"tribe-events-c-subscribe-dropdown__list-item-link\"\n\t\t\t\t\t\t\t\t\t\ttarget=\"_blank\"\n\t\t\t\t\t\t\t\t\t\trel=\"noopener noreferrer nofollow noindex\"\n\t\t\t\t\t\t\t\t\t>\n\t\t\t\t\t\t\t\t\t\tiCalendar\t\t\t\t\t\t\t\t\t<\/a>\n\t\t\t\t\t\t\t\t<\/li>\n\t\t\t\t\t\t\t\t\t\t\t\t\t\t\t<li class=\"tribe-events-c-subscribe-dropdown__list-item\">\n\t\t\t\t\t\t\t\t\t<a\n\t\t\t\t\t\t\t\t\t\thref=\"\"\n\t\t\t\t\t\t\t\t\t\tclass=\"tribe-events-c-subscribe-dropdown__list-item-link\"\n\t\t\t\t\t\t\t\t\t\ttarget=\"_blank\"\n\t\t\t\t\t\t\t\t\t\trel=\"noopener noreferrer nofollow noindex\"\n\t\t\t\t\t\t\t\t\t>\n\t\t\t\t\t\t\t\t\t\tOutlook 365\t\t\t\t\t\t\t\t\t<\/a>\n\t\t\t\t\t\t\t\t<\/li>\n\t\t\t\t\t\t\t\t\t\t\t\t\t\t\t<li class=\"tribe-events-c-subscribe-dropdown__list-item\">\n\t\t\t\t\t\t\t\t\t<a\n\t\t\t\t\t\t\t\t\t\thref=\"\"\n\t\t\t\t\t\t\t\t\t\tclass=\"tribe-events-c-subscribe-dropdown__list-item-link\"\n\t\t\t\t\t\t\t\t\t\ttarget=\"_blank\"\n\t\t\t\t\t\t\t\t\t\trel=\"noopener noreferrer nofollow noindex\"\n\t\t\t\t\t\t\t\t\t>\n\t\t\t\t\t\t\t\t\t\tOutlook Live\t\t\t\t\t\t\t\t\t<\/a>\n\t\t\t\t\t\t\t\t<\/li>\n\t\t\t\t\t\t\t\t\t\t\t\t\t<\/ul>\n\t\t\t\t\t<\/div>\n\t\t\t\t<\/div>\n\t\t\t<\/div>\n\t\t<\/div>\n\t<\/div>\n\n<\/div><\/div>\n<\/div><\/div>\n<\/div><\/div>\n\n\n<div  class=\"tribe-block tribe-block__organizer__details tribe-clearfix\" >\n\t<div class=\"tribe-block__organizer__title\">\n\t\t<h3>Park Platz<\/h3>\n\t<\/div>\n\t\t\t\t<p class=\"tribe-block__organizer__website\"><a href=\"https:\/\/park-platz.org\" target=\"_self\" rel=\"external\">Voir le site Organisateur<\/a><\/p>\n\t\t<\/div>\n\n\n<div  class=\"tribe-block tribe-block__venue tribe-clearfix\" >\n\t\n\t\n<div class=\"tribe-block__venue__meta\">\n\t<div class=\"tribe-block__venue__name\">\n\t\t<h3>Park Platz<\/h3>\n\t<\/div>\n\n\t\n\t\t\t<address class=\"tribe-block__venue__address\">\n\t\t\t<span class=\"tribe-address\">\n\n<span class=\"tribe-street-address\">Wasserwerkstrasse 101<\/span>\n\t\n\n\t<abbr class=\"tribe-region tribe-events-abbr\" title=\"Z\u00fcrich\">Z\u00fcrich<\/abbr>\n\n\t<span class=\"tribe-postal-code\">8037<\/span>\n\n\t<span class=\"tribe-country-name\">Schweiz<\/span>\n\n<\/span>\n\n\t\t\t\t\t<\/address>\n\t\n\t\n\t\n\t<\/div>\n\t\n\t<\/div>\n\n\n","protected":false},"excerpt":{"rendered":"<p>Ganzer Tag ist Aktionstag! Ab 14:00: Infostand &#038; Solibar beim Park Platz<\/p>\n","protected":false},"author":4,"featured_media":0,"comment_status":"closed","ping_status":"closed","template":"","meta":{"inline_featured_image":false,"neve_meta_sidebar":"","neve_meta_container":"","neve_meta_enable_content_width":"","neve_meta_content_width":0,"neve_meta_title_alignment":"","neve_meta_author_avatar":"","neve_post_elements_order":"","neve_meta_disable_header":"","neve_meta_disable_footer":"","neve_meta_disable_title":"","neve_meta_reading_time":"","_EventAllDay":false,"_EventTimezone":"Europe\/Zurich","_EventStartDate":"2022-04-15 14:00:00","_EventEndDate":"2022-04-15 14:00:00","_EventStartDateUTC":"2022-04-15 12:00:00","_EventEndDateUTC":"2022-04-15 12:00:00","_EventShowMap":false,"_EventShowMapLink":true,"_EventURL":"","_EventCost":"","_EventCostDescription":"","_EventCurrencySymbol":"CHF","_EventCurrencyCode":"USD","_EventCurrencyPosition":"prefix","_EventDateTimeSeparator":" , ","_EventTimeRangeSeparator":" - ","_EventOrganizerID":[5259],"_EventVenueID":[5257],"_OrganizerEmail":"","_OrganizerPhone":"","_OrganizerWebsite":"","_VenueAddress":"","_VenueCity":"","_VenueCountry":"","_VenueProvince":"","_VenueState":"","_VenueZip":"","_VenuePhone":"","_VenueURL":"","_VenueStateProvince":"","_VenueLat":"","_VenueLng":"","_VenueShowMap":false,"_VenueShowMapLink":false,"_tribe_events_status":"","_tribe_events_status_reason":"","footnotes":""},"tags":[44],"tribe_events_cat":[47,48],"class_list":["post-5261","tribe_events","type-tribe_events","status-publish","hentry","tag-zuerich","tribe_events_cat-aktion","tribe_events_cat-kultur","cat_aktion","cat_kultur"],"jetpack_sharing_enabled":true,"_links":{"self":[{"href":"https:\/\/frontex-referendum.ch\/fr\/wp-json\/wp\/v2\/tribe_events\/5261","targetHints":{"allow":["GET"]}}],"collection":[{"href":"https:\/\/frontex-referendum.ch\/fr\/wp-json\/wp\/v2\/tribe_events"}],"about":[{"href":"https:\/\/frontex-referendum.ch\/fr\/wp-json\/wp\/v2\/types\/tribe_events"}],"author":[{"embeddable":true,"href":"https:\/\/frontex-referendum.ch\/fr\/wp-json\/wp\/v2\/users\/4"}],"replies":[{"embeddable":true,"href":"https:\/\/frontex-referendum.ch\/fr\/wp-json\/wp\/v2\/comments?post=5261"}],"version-history":[{"count":4,"href":"https:\/\/frontex-referendum.ch\/fr\/wp-json\/wp\/v2\/tribe_events\/5261\/revisions"}],"predecessor-version":[{"id":5266,"href":"https:\/\/frontex-referendum.ch\/fr\/wp-json\/wp\/v2\/tribe_events\/5261\/revisions\/5266"}],"wp:attachment":[{"href":"https:\/\/frontex-referendum.ch\/fr\/wp-json\/wp\/v2\/media?parent=5261"}],"wp:term":[{"taxonomy":"post_tag","embeddable":true,"href":"https:\/\/frontex-referendum.ch\/fr\/wp-json\/wp\/v2\/tags?post=5261"},{"taxonomy":"tribe_events_cat","embeddable":true,"href":"https:\/\/frontex-referendum.ch\/fr\/wp-json\/wp\/v2\/tribe_events_cat?post=5261"}],"curies":[{"name":"wp","href":"https:\/\/api.w.org\/{rel}","templated":true}]}}